{"id":4385,"date":"2024-03-30T20:15:11","date_gmt":"2024-03-30T19:15:11","guid":{"rendered":"https:\/\/www.borghettigiampiero.it\/historie-und-territorium-valpolicella-e-castelrotto\/"},"modified":"2026-02-26T23:26:55","modified_gmt":"2026-02-26T22:26:55","slug":"historie-und-territorium-valpolicella-e-castelrotto","status":"publish","type":"page","link":"https:\/\/www.borghettigiampiero.it\/de\/historie-und-territorium-valpolicella-e-castelrotto\/","title":{"rendered":"Historie und Territorium: Valpolicella e Castelrotto"},"content":{"rendered":"<p>[et_pb_section fb_built=&#8220;1&#8243; custom_padding_last_edited=&#8220;on|tablet&#8220; _builder_version=&#8220;4.24.2&#8243; _module_preset=&#8220;default&#8220; background_color=&#8220;rgba(17,17,17,0.96)&#8220; background_image=&#8220;https:\/\/www.borghettigiampiero.it\/wp-content\/uploads\/2024\/03\/CastelRotto_cornice.webp&#8220; background_blend=&#8220;darken&#8220; custom_padding=&#8220;101px||101px||true|false&#8220; custom_padding_tablet=&#8220;250px||250px||true|false&#8220; custom_padding_phone=&#8220;150px||150px||true|false&#8220; background_last_edited=&#8220;on|tablet&#8220; background_position_tablet=&#8220;bottom_center&#8220; background_position_phone=&#8220;bottom_center&#8220; locked=&#8220;off&#8220; global_colors_info=&#8220;{}&#8220;][et_pb_row _builder_version=&#8220;4.16&#8243; _module_preset=&#8220;default&#8220; global_colors_info=&#8220;{}&#8220;][et_pb_column type=&#8220;4_4&#8243; _builder_version=&#8220;4.16&#8243; _module_preset=&#8220;default&#8220; global_colors_info=&#8220;{}&#8220;][et_pb_text _builder_version=&#8220;4.24.2&#8243; _module_preset=&#8220;default&#8220; header_font=&#8220;BG Brisely Corsivo|300|||||||&#8220; header_text_align=&#8220;center&#8220; header_text_color=&#8220;#D4AF37&#8243; header_font_size=&#8220;80px&#8220; custom_margin=&#8220;||10px||false|false&#8220; header_font_size_tablet=&#8220;60px&#8220; header_font_size_phone=&#8220;30px&#8220; header_font_size_last_edited=&#8220;on|phone&#8220; locked=&#8220;off&#8220; global_colors_info=&#8220;{}&#8220;]<\/p>\n<h1>La Valpolicella.<\/h1>\n<p>[\/et_pb_text][et_pb_text _builder_version=&#8220;4.24.2&#8243; _module_preset=&#8220;default&#8220; text_font=&#8220;Poppins|||on|||||&#8220; text_text_color=&#8220;#FFFFFF&#8220; text_letter_spacing=&#8220;5px&#8220; text_line_height=&#8220;1em&#8220; text_orientation=&#8220;center&#8220; custom_margin=&#8220;||40px||false|false&#8220; custom_padding=&#8220;|||350px|false|false&#8220; custom_padding_tablet=&#8220;|||200px|false|false&#8220; custom_padding_phone=&#8220;|||0px|false|false&#8220; custom_padding_last_edited=&#8220;on|tablet&#8220; text_font_size_tablet=&#8220;&#8220; text_font_size_phone=&#8220;13px&#8220; text_font_size_last_edited=&#8220;on|phone&#8220; text_line_height_tablet=&#8220;1em&#8220; text_line_height_phone=&#8220;1.7em&#8220; text_line_height_last_edited=&#8220;on|phone&#8220; locked=&#8220;off&#8220; global_colors_info=&#8220;{}&#8220;]<\/p>\n<p>&#8211; Castelrotto<\/p>\n<p>[\/et_pb_text][\/et_pb_column][\/et_pb_row][\/et_pb_section][et_pb_section fb_built=&#8220;1&#8243; make_equal=&#8220;on&#8220; specialty=&#8220;on&#8220; custom_css_main_1=&#8220;margin: auto;&#8220; custom_css_main_2=&#8220;margin: auto;&#8220; _builder_version=&#8220;4.16&#8243; _module_preset=&#8220;default&#8220; background_color=&#8220;#111111&#8243; custom_padding=&#8220;||0px|||&#8220; locked=&#8220;off&#8220; global_colors_info=&#8220;{}&#8220;][et_pb_column type=&#8220;1_2&#8243; _builder_version=&#8220;4.16&#8243; custom_padding=&#8220;|||&#8220; global_colors_info=&#8220;{}&#8220; custom_padding__hover=&#8220;|||&#8220;][et_pb_image src=&#8220;https:\/\/www.borghettigiampiero.it\/wp-content\/uploads\/2024\/03\/Valpolicella1.webp&#8220; alt=&#8220;Valpolicella&#8220; title_text=&#8220;Valpolicella&#8220; align=&#8220;center&#8220; _builder_version=&#8220;4.24.3&#8243; _module_preset=&#8220;default&#8220; animation_style=&#8220;fade&#8220; animation_duration=&#8220;1500ms&#8220; animation_delay=&#8220;500ms&#8220; border_width_all=&#8220;12px&#8220; locked=&#8220;off&#8220; global_colors_info=&#8220;{}&#8220;][\/et_pb_image][\/et_pb_column][et_pb_column type=&#8220;1_2&#8243; specialty_columns=&#8220;2&#8243; _builder_version=&#8220;4.16&#8243; custom_padding=&#8220;|||&#8220; global_colors_info=&#8220;{}&#8220; custom_padding__hover=&#8220;|||&#8220;][et_pb_row_inner _builder_version=&#8220;4.16&#8243; _module_preset=&#8220;default&#8220; custom_padding=&#8220;||||false|false&#8220; global_colors_info=&#8220;{}&#8220;][et_pb_column_inner saved_specialty_column_type=&#8220;1_2&#8243; _builder_version=&#8220;4.16&#8243; _module_preset=&#8220;default&#8220; global_colors_info=&#8220;{}&#8220;][et_pb_text _builder_version=&#8220;4.24.2&#8243; _module_preset=&#8220;default&#8220; header_2_font=&#8220;|300|||||||&#8220; header_2_text_color=&#8220;#D4AF37&#8243; header_2_font_size=&#8220;50px&#8220; header_2_line_height=&#8220;1.4em&#8220; max_width=&#8220;560px&#8220; custom_margin=&#8220;||10px||false|false&#8220; header_2_font_size_tablet=&#8220;50px&#8220; header_2_font_size_phone=&#8220;32px&#8220; header_2_font_size_last_edited=&#8220;on|phone&#8220; locked=&#8220;off&#8220; global_colors_info=&#8220;{}&#8220;]<\/p>\n<h2>Ist die Zeit unser Freund.<\/h2>\n<p>[\/et_pb_text][et_pb_text _builder_version=&#8220;4.24.2&#8243; _module_preset=&#8220;default&#8220; text_text_color=&#8220;#FFFFFF&#8220; text_font_size=&#8220;16px&#8220; text_line_height=&#8220;2em&#8220; locked=&#8220;off&#8220; global_colors_info=&#8220;{}&#8220;]<\/p>\n<p>Valpolicella ist so klein, dass man es in einer Faust halten kann, es umfasst nur f\u00fcnf historische Gemeinden &#8211; San Pietro in Cariano, Fumane, Marano, Sant&#8217;Ambrogio, Negrar. Das D\u00f6rfchen Kastelruth liegt auf der Spitze des zentralen H\u00fcgels und umarmt mit seinem Blick die vielfarbigen Weinberge des gesamten klassischen Valpolicellas und bietet eine einzigartige und vollst\u00e4ndige Perspektive des Tals.<\/p>\n<p>[\/et_pb_text][\/et_pb_column_inner][\/et_pb_row_inner][\/et_pb_column][\/et_pb_section][et_pb_section fb_built=&#8220;1&#8243; admin_label=&#8220;Storia&#8220; _builder_version=&#8220;4.24.2&#8243; _module_preset=&#8220;default&#8220; background_color=&#8220;#111111&#8243; custom_padding=&#8220;0px|||||&#8220; scroll_vertical_motion_enable=&#8220;on&#8220; scroll_vertical_motion=&#8220;0|73|73|100|4|0|-1.5&#8243; motion_trigger_start=&#8220;top&#8220; locked=&#8220;off&#8220; global_colors_info=&#8220;{}&#8220;][et_pb_row _builder_version=&#8220;4.24.2&#8243; _module_preset=&#8220;default&#8220; width=&#8220;100%&#8220; max_width=&#8220;90%&#8220; global_colors_info=&#8220;{}&#8220;][et_pb_column type=&#8220;4_4&#8243; _builder_version=&#8220;4.16&#8243; _module_preset=&#8220;default&#8220; global_colors_info=&#8220;{}&#8220;][et_pb_text _builder_version=&#8220;4.24.2&#8243; _module_preset=&#8220;default&#8220; header_2_font=&#8220;|300|||||||&#8220; header_2_text_color=&#8220;#D4AF37&#8243; header_2_font_size=&#8220;50px&#8220; header_2_line_height=&#8220;1.4em&#8220; text_orientation=&#8220;center&#8220; max_width=&#8220;70%&#8220; max_width_tablet=&#8220;100%&#8220; max_width_phone=&#8220;100%&#8220; max_width_last_edited=&#8220;on|tablet&#8220; module_alignment=&#8220;center&#8220; header_2_font_size_tablet=&#8220;50px&#8220; header_2_font_size_phone=&#8220;32px&#8220; header_2_font_size_last_edited=&#8220;on|phone&#8220; locked=&#8220;off&#8220; global_colors_info=&#8220;{}&#8220;]<\/p>\n<h2>Das mittelalterliche D\u00f6rfchen von Castelrotto.<\/h2>\n<p>[\/et_pb_text][dipi_timeline line_area_size=&#8220;200px&#8220; timeline_line_color=&#8220;#D4AF37&#8243; timeline_active_line_color=&#8220;#D4AF37&#8243; line_area_size_tablet=&#8220;200px&#8220; line_area_size_phone=&#8220;20px&#8220; line_area_size_last_edited=&#8220;on|phone&#8220; _builder_version=&#8220;4.24.2&#8243; _module_preset=&#8220;default&#8220; custom_padding_phone=&#8220;||||false|false&#8220; custom_padding_last_edited=&#8220;off|phone&#8220; hover_enabled=&#8220;0&#8243; locked=&#8220;off&#8220; global_colors_info=&#8220;{}&#8220; sticky_enabled=&#8220;0&#8243;][dipi_timeline_item ribbon=&#8220;VII Secolo d.c.&#8220; title=&#8220;Castrum Rotari&#8220; timeline_icon=&#8220;&#x5b;||divi||400&#8243; timeline_icon_color=&#8220;#FFFFFF&#8220; ribbon_circle_color=&#8220;#1c1c1c&#8220; custom_card_arrow=&#8220;on&#8220; card_arrow_color=&#8220;#171717&#8243; card_max_width=&#8220;700px&#8220; card_padding_tablet=&#8220;&#8220; card_padding_phone=&#8220;20px|15px|20px|15px|true|true&#8220; card_padding_last_edited=&#8220;on|phone&#8220; _builder_version=&#8220;4.24.2&#8243; _module_preset=&#8220;default&#8220; header_font=&#8220;|300|||||||&#8220; header_text_color=&#8220;#FFFFFF&#8220; header_font_size=&#8220;25px&#8220; header_letter_spacing=&#8220;2px&#8220; header_line_height=&#8220;1em&#8220; body_font=&#8220;|300|||||||&#8220; body_text_color=&#8220;#FFFFFF&#8220; body_font_size=&#8220;16px&#8220; body_letter_spacing=&#8220;0px&#8220; body_line_height=&#8220;2em&#8220; ribbon_text_font=&#8220;Playfair Display|700||on|||||&#8220; ribbon_text_text_color=&#8220;#D4AF37&#8243; ribbon_text_font_size=&#8220;18px&#8220; ribbon_text_letter_spacing=&#8220;2px&#8220; ribbon_text_line_height=&#8220;2em&#8220; background_color=&#8220;#171717&#8243; background_enable_color=&#8220;on&#8220; header_line_height_tablet=&#8220;1em&#8220; header_line_height_phone=&#8220;1.5em&#8220; header_line_height_last_edited=&#8220;on|phone&#8220; custom_css_timeline_item_title=&#8220;margin-top: 5px;||margin-bottom: 5px;&#8220; global_colors_info=&#8220;{}&#8220; ribbon_circle_color__hover_enabled=&#8220;on|desktop&#8220; ribbon_circle_color__hover=&#8220;#C48F56&#8243;]<\/p>\n<p>An der panoramaartigsten Stelle von Valpolicella wurde im 7. Jahrhundert das Castrum Rotari erbaut, eine milit\u00e4rische Festung, die im Laufe der Jahrhunderte prominente Pers\u00f6nlichkeiten der Geschichte beherbergte, wie K\u00f6nig Rotari II, K\u00f6nig Berengar (10. Jahrhundert) und K\u00f6nig Friedrich von Schwaben II, K\u00f6nig des germanischen Reiches, als Barbarossa bekannt. In der Burg von Kastelruth verfasste Rotari II. im Jahr 643 sein erstes Edikt zum Schutz der Weinberge und zur strengen Bestrafung derjenigen, die sie besch\u00e4digten.<\/p>\n<p><img loading=\"lazy\" decoding=\"async\" src=\"https:\/\/www.borghettigiampiero.it\/wp-content\/uploads\/2024\/03\/Re-Ratary-II-238x300-1.webp\" width=\"238\" height=\"300\" alt=\"\" class=\"wp-image-2153 alignnone size-medium\" style=\"display: block; margin-left: auto; margin-right: auto;\"><\/p>\n<p style=\"text-align: center;\">Re Rotary II<\/p>\n<p>[\/dipi_timeline_item][dipi_timeline_item ribbon=&#8220;Jahr 905&#8243; title=&#8220;Castrum Rotari&#8220; timeline_icon=&#8220;&#x5b;||divi||400&#8243; timeline_icon_color=&#8220;#FFFFFF&#8220; ribbon_circle_color=&#8220;#1c1c1c&#8220; custom_card_arrow=&#8220;on&#8220; card_arrow_color=&#8220;#171717&#8243; card_max_width=&#8220;700px&#8220; card_padding_tablet=&#8220;&#8220; card_padding_phone=&#8220;20px|15px|20px|15px|true|true&#8220; card_padding_last_edited=&#8220;on|phone&#8220; _builder_version=&#8220;4.24.2&#8243; _module_preset=&#8220;default&#8220; header_font=&#8220;|300|||||||&#8220; header_text_color=&#8220;#FFFFFF&#8220; header_font_size=&#8220;25px&#8220; header_letter_spacing=&#8220;2px&#8220; header_line_height=&#8220;1em&#8220; body_font=&#8220;|300|||||||&#8220; body_text_color=&#8220;#FFFFFF&#8220; body_font_size=&#8220;16px&#8220; body_letter_spacing=&#8220;0px&#8220; body_line_height=&#8220;2em&#8220; ribbon_text_font=&#8220;Playfair Display|700||on|||||&#8220; ribbon_text_text_color=&#8220;#D4AF37&#8243; ribbon_text_font_size=&#8220;18px&#8220; ribbon_text_letter_spacing=&#8220;2px&#8220; ribbon_text_line_height=&#8220;2em&#8220; background_color=&#8220;#171717&#8243; background_enable_color=&#8220;on&#8220; header_line_height_tablet=&#8220;1em&#8220; header_line_height_phone=&#8220;1.5em&#8220; header_line_height_last_edited=&#8220;on|phone&#8220; custom_css_timeline_item_title=&#8220;margin-top: 5px;||margin-bottom: 5px;&#8220; global_colors_info=&#8220;{}&#8220; ribbon_circle_color__hover_enabled=&#8220;on|desktop&#8220; ribbon_circle_color__hover=&#8220;#C48F56&#8243;]<\/p>\n<p style=\"text-align: left;\">Im Jahr 905 d.c. Re Berengario erl\u00e4sst ein weiteres Dekret zum Schutz der Weinberge.<\/p>\n<p style=\"text-align: center;\"><img loading=\"lazy\" decoding=\"async\" src=\"https:\/\/www.borghettigiampiero.it\/wp-content\/uploads\/2024\/03\/Re-Berengario-242x300-1.webp\" width=\"242\" height=\"300\" alt=\"\" class=\"wp-image-2151 alignnone size-medium\"><\/p>\n<p style=\"text-align: center;\">Re Berengario<\/p>\n<p>[\/dipi_timeline_item][dipi_timeline_item ribbon=&#8220;Jahr 1177&#8243; title=&#8220;Valpolicella wird geboren&#8220; timeline_icon=&#8220;&#x5b;||divi||400&#8243; timeline_icon_color=&#8220;#FFFFFF&#8220; ribbon_circle_color=&#8220;#1c1c1c&#8220; custom_card_arrow=&#8220;on&#8220; card_arrow_color=&#8220;#171717&#8243; card_max_width=&#8220;700px&#8220; card_padding_tablet=&#8220;&#8220; card_padding_phone=&#8220;20px|15px|20px|15px|true|true&#8220; card_padding_last_edited=&#8220;on|phone&#8220; _builder_version=&#8220;4.27.5&#8243; _module_preset=&#8220;default&#8220; header_font=&#8220;|300|||||||&#8220; header_text_color=&#8220;#FFFFFF&#8220; header_font_size=&#8220;25px&#8220; header_letter_spacing=&#8220;2px&#8220; header_line_height=&#8220;1em&#8220; body_font=&#8220;|300|||||||&#8220; body_text_color=&#8220;#FFFFFF&#8220; body_font_size=&#8220;16px&#8220; body_letter_spacing=&#8220;0px&#8220; body_line_height=&#8220;2em&#8220; ribbon_text_font=&#8220;Playfair Display|700||on|||||&#8220; ribbon_text_text_color=&#8220;#D4AF37&#8243; ribbon_text_font_size=&#8220;18px&#8220; ribbon_text_letter_spacing=&#8220;2px&#8220; ribbon_text_line_height=&#8220;2em&#8220; background_color=&#8220;#171717&#8243; background_enable_color=&#8220;on&#8220; hover_enabled=&#8220;0&#8243; header_line_height_tablet=&#8220;1em&#8220; header_line_height_phone=&#8220;1.5em&#8220; header_line_height_last_edited=&#8220;on|phone&#8220; custom_css_timeline_item_title=&#8220;margin-top: 5px;||margin-bottom: 5px;&#8220; global_colors_info=&#8220;{}&#8220; ribbon_circle_color__hover_enabled=&#8220;on|desktop&#8220; ribbon_circle_color__hover=&#8220;#C48F56&#8243; sticky_enabled=&#8220;0&#8243;]<\/p>\n<p style=\"text-align: left;\">Sp\u00e4ter, im Jahr 1177, erlie\u00df Friedrich von Schwaben ebenfalls in der Burg ein Dekret, mit dem er den Namen des Gebiets von Valle di Veriago in Pruviniano in Valpolicella \u00e4nderte.<\/p>\n<p style=\"text-align: center;\"><img loading=\"lazy\" decoding=\"async\" src=\"https:\/\/www.borghettigiampiero.it\/wp-content\/uploads\/2024\/03\/Re-Federico-Di-Svevia-II-Il-Barbarossa-242x300-1.webp\" width=\"242\" height=\"300\" alt=\"\" class=\"wp-image-2152 alignnone size-medium\" \/><\/p>\n<p style=\"text-align: center;\">Re Federico di Svevia II detto Il Barbarossa<\/p>\n<p>[\/dipi_timeline_item][dipi_timeline_item ribbon=&#8220;Jahr 1405&#8243; title=&#8220;Castelrotto&#8220; timeline_icon=&#8220;&#x5b;||divi||400&#8243; timeline_icon_color=&#8220;#FFFFFF&#8220; ribbon_circle_color=&#8220;#1c1c1c&#8220; custom_card_arrow=&#8220;on&#8220; card_arrow_color=&#8220;#171717&#8243; card_max_width=&#8220;700px&#8220; card_padding_tablet=&#8220;&#8220; card_padding_phone=&#8220;20px|15px|20px|15px|true|true&#8220; card_padding_last_edited=&#8220;on|phone&#8220; _builder_version=&#8220;4.24.2&#8243; _module_preset=&#8220;default&#8220; header_font=&#8220;|300|||||||&#8220; header_text_color=&#8220;#FFFFFF&#8220; header_font_size=&#8220;25px&#8220; header_letter_spacing=&#8220;2px&#8220; header_line_height=&#8220;1em&#8220; body_font=&#8220;|300|||||||&#8220; body_text_color=&#8220;#FFFFFF&#8220; body_font_size=&#8220;16px&#8220; body_letter_spacing=&#8220;0px&#8220; body_line_height=&#8220;2em&#8220; ribbon_text_font=&#8220;Playfair Display|700||on|||||&#8220; ribbon_text_text_color=&#8220;#D4AF37&#8243; ribbon_text_font_size=&#8220;18px&#8220; ribbon_text_letter_spacing=&#8220;2px&#8220; ribbon_text_line_height=&#8220;2em&#8220; background_color=&#8220;#171717&#8243; background_enable_color=&#8220;on&#8220; header_line_height_tablet=&#8220;1em&#8220; header_line_height_phone=&#8220;1.5em&#8220; header_line_height_last_edited=&#8220;on|phone&#8220; custom_css_timeline_item_title=&#8220;margin-top: 5px;||margin-bottom: 5px;&#8220; global_colors_info=&#8220;{}&#8220; ribbon_circle_color__hover_enabled=&#8220;on|desktop&#8220; ribbon_circle_color__hover=&#8220;#C48F56&#8243;]<\/p>\n<p>Am 23. Mai 1405 wurde der Ort jedoch mit der Zerst\u00f6rung des Castrum Rotari zerst\u00f6rt, der seitdem als Castelrotto bekannt ist, heute ein D\u00f6rfchen von San Pietro in Cariano.<\/p>\n<p>[\/dipi_timeline_item][\/dipi_timeline][\/et_pb_column][\/et_pb_row][et_pb_row column_structure=&#8220;1_3,1_3,1_3&#8243; make_equal=&#8220;on&#8220; _builder_version=&#8220;4.24.2&#8243; _module_preset=&#8220;default&#8220; max_width=&#8220;1200px&#8220; scroll_vertical_motion_enable=&#8220;on&#8220; scroll_vertical_motion=&#8220;0|50|50|100|4|0|0&#8243; locked=&#8220;off&#8220; global_colors_info=&#8220;{}&#8220;][et_pb_column type=&#8220;1_3&#8243; _builder_version=&#8220;4.24.2&#8243; _module_preset=&#8220;default&#8220; custom_css_main_element=&#8220;display: flex;||flex-direction: column;||justify-content: center;&#8220; border_color_all=&#8220;#D4AF37&#8243; global_colors_info=&#8220;{}&#8220;][et_pb_image src=&#8220;https:\/\/www.borghettigiampiero.it\/wp-content\/uploads\/2024\/03\/BG_Storia_Gallery.webp&#8220; alt=&#8220;Original&#8220; _builder_version=&#8220;4.24.3&#8243; _module_preset=&#8220;default&#8220; border_width_all=&#8220;4px&#8220; border_color_all=&#8220;#D4AF37&#8243; global_colors_info=&#8220;{}&#8220;][\/et_pb_image][\/et_pb_column][et_pb_column type=&#8220;1_3&#8243; _builder_version=&#8220;4.24.2&#8243; _module_preset=&#8220;default&#8220; custom_css_main_element=&#8220;display: flex;||flex-direction: column;||justify-content: center;&#8220; global_colors_info=&#8220;{}&#8220;][et_pb_image src=&#8220;https:\/\/www.borghettigiampiero.it\/wp-content\/uploads\/2024\/03\/BG_Storia2_Gallery.webp&#8220; alt=&#8220;Castello&#8220; align=&#8220;center&#8220; _builder_version=&#8220;4.24.3&#8243; _module_preset=&#8220;default&#8220; max_height=&#8220;500px&#8220; border_width_all=&#8220;4px&#8220; border_color_all=&#8220;#D4AF37&#8243; global_colors_info=&#8220;{}&#8220;][\/et_pb_image][\/et_pb_column][et_pb_column type=&#8220;1_3&#8243; _builder_version=&#8220;4.24.2&#8243; _module_preset=&#8220;default&#8220; custom_css_main_element=&#8220;display: flex;||flex-direction: column;||justify-content: center;&#8220; global_colors_info=&#8220;{}&#8220;][et_pb_image src=&#8220;https:\/\/www.borghettigiampiero.it\/wp-content\/uploads\/2024\/03\/BG_Storia4_Gallery.webp&#8220; alt=&#8220;Castelrotto&#8220; _builder_version=&#8220;4.24.3&#8243; _module_preset=&#8220;default&#8220; custom_margin=&#8220;||||false|false&#8220; custom_padding=&#8220;||||false|false&#8220; border_width_all=&#8220;4px&#8220; border_color_all=&#8220;#D4AF37&#8243; global_colors_info=&#8220;{}&#8220;][\/et_pb_image][\/et_pb_column][\/et_pb_row][et_pb_row _builder_version=&#8220;4.24.2&#8243; _module_preset=&#8220;default&#8220; width=&#8220;100%&#8220; custom_padding=&#8220;100px|||||&#8220; scroll_vertical_motion_enable=&#8220;on&#8220; scroll_vertical_motion=&#8220;0|50|50|100|4|0|0&#8243; motion_trigger_start=&#8220;top&#8220; global_colors_info=&#8220;{}&#8220;][et_pb_column type=&#8220;4_4&#8243; _builder_version=&#8220;4.24.2&#8243; _module_preset=&#8220;default&#8220; global_colors_info=&#8220;{}&#8220;][et_pb_video src=&#8220;\/wp-content\/uploads\/2024\/Video\/ITA-Borghetti-Intervista.mp4&#8243; src_webm=&#8220;\/wp-content\/uploads\/2024\/Video\/ITA-Borghetti-Intervista.mp4&#8243; image_src=&#8220;https:\/\/www.borghettigiampiero.it\/wp-content\/uploads\/2024\/03\/BG_Castelrotto-E.webp&#8220; _builder_version=&#8220;4.24.2&#8243; _module_preset=&#8220;default&#8220; width=&#8220;80%&#8220; width_tablet=&#8220;80%&#8220; width_phone=&#8220;&#8220; width_last_edited=&#8220;on|phone&#8220; module_alignment=&#8220;center&#8220; border_radii=&#8220;on|10px|10px|10px|10px&#8220; border_width_all=&#8220;5px&#8220; border_color_all=&#8220;#CC9933&#8243; global_colors_info=&#8220;{}&#8220;][\/et_pb_video][\/et_pb_column][\/et_pb_row][\/et_pb_section]<\/p>\n","protected":false},"excerpt":{"rendered":"<p>La Valpolicella.- CastelrottoIst die Zeit unser Freund.Valpolicella ist so klein, dass man es in einer Faust halten kann, es umfasst nur f\u00fcnf historische Gemeinden &#8211; San Pietro in Cariano, Fumane, Marano, Sant&#8217;Ambrogio, Negrar. Das D\u00f6rfchen Kastelruth liegt auf der Spitze des zentralen H\u00fcgels und umarmt mit seinem Blick die vielfarbigen Weinberge des gesamten klassischen Valpolicellas [&hellip;]<\/p>\n","protected":false},"author":1,"featured_media":3778,"parent":0,"menu_order":0,"comment_status":"closed","ping_status":"closed","template":"","meta":{"_et_pb_use_builder":"on","_et_pb_old_content":"","_et_gb_content_width":"","footnotes":""},"class_list":["post-4385","page","type-page","status-publish","has-post-thumbnail","hentry"],"_links":{"self":[{"href":"https:\/\/www.borghettigiampiero.it\/de\/wp-json\/wp\/v2\/pages\/4385","targetHints":{"allow":["GET"]}}],"collection":[{"href":"https:\/\/www.borghettigiampiero.it\/de\/wp-json\/wp\/v2\/pages"}],"about":[{"href":"https:\/\/www.borghettigiampiero.it\/de\/wp-json\/wp\/v2\/types\/page"}],"author":[{"embeddable":true,"href":"https:\/\/www.borghettigiampiero.it\/de\/wp-json\/wp\/v2\/users\/1"}],"replies":[{"embeddable":true,"href":"https:\/\/www.borghettigiampiero.it\/de\/wp-json\/wp\/v2\/comments?post=4385"}],"version-history":[{"count":0,"href":"https:\/\/www.borghettigiampiero.it\/de\/wp-json\/wp\/v2\/pages\/4385\/revisions"}],"wp:featuredmedia":[{"embeddable":true,"href":"https:\/\/www.borghettigiampiero.it\/de\/wp-json\/wp\/v2\/media\/3778"}],"wp:attachment":[{"href":"https:\/\/www.borghettigiampiero.it\/de\/wp-json\/wp\/v2\/media?parent=4385"}],"curies":[{"name":"wp","href":"https:\/\/api.w.org\/{rel}","templated":true}]}}